
{"id":55104,"date":"2023-10-27T21:10:18","date_gmt":"2023-10-27T21:10:18","guid":{"rendered":"https:\/\/azurefilm.com\/adatvedelmi-iranyelvek\/"},"modified":"2025-04-11T12:39:34","modified_gmt":"2025-04-11T12:39:34","slug":"adatvedelmi-iranyelvek","status":"publish","type":"page","link":"https:\/\/azurefilm.com\/hu\/adatvedelmi-iranyelvek\/","title":{"rendered":"Adatv\u00e9delmi ir\u00e1nyelvek"},"content":{"rendered":"<h1>Adatv\u00e9delmi ir\u00e1nyelvek<\/h1>\n<p><strong>1. Bevezet\u00e9s<\/strong><\/p>\n<p><span style=\"font-weight: 400;\">Az AzureFilmn\u00e9l elk\u00f6telezettek vagyunk az \u00d6n adatainak v\u00e9delme \u00e9s szem\u00e9lyes adatainak biztons\u00e1ga mellett. Ez az Adatv\u00e9delmi szab\u00e1lyzat elmagyar\u00e1zza, hogyan gy\u0171jtj\u00fck, haszn\u00e1ljuk, adjuk ki \u00e9s v\u00e9dj\u00fck az \u00d6n szem\u00e9lyes adatait, amikor \u00d6n haszn\u00e1lja a weboldalunkat, kapcsolatba l\u00e9p vel\u00fcnk, vagy v\u00e1s\u00e1rol t\u0151l\u00fcnk. <\/span><\/p>\n<p><b>2. Az \u00e1ltalunk gy\u0171jt\u00f6tt inform\u00e1ci\u00f3k<\/b><\/p>\n<p><span style=\"font-weight: 400;\">A k\u00f6vetkez\u0151 t\u00edpus\u00fa szem\u00e9lyes adatokat gy\u0171jtj\u00fck:<\/span><\/p>\n<p><b>Kapcsolattart\u00e1si inform\u00e1ci\u00f3k<\/b><span style=\"font-weight: 400;\">: Ide tartozik az \u00d6n neve, e-mail c\u00edme, postai c\u00edme \u00e9s telefonsz\u00e1ma.<\/span> <b>Fizet\u00e9si inform\u00e1ci\u00f3k<\/b><span style=\"font-weight: 400;\">: Amikor \u00d6n v\u00e1s\u00e1rol, \u00f6sszegy\u0171jthetj\u00fck a fizet\u00e9si k\u00e1rtya adatait vagy egy\u00e9b fizet\u00e9si inform\u00e1ci\u00f3kat.<\/span> <b>Sz\u00e1mlainform\u00e1ci\u00f3k: <\/b><span style=\"font-weight: 400;\">Ha fi\u00f3kot hoz l\u00e9tre a weboldalunkon, olyan inform\u00e1ci\u00f3kat gy\u0171jt\u00fcnk, mint a felhaszn\u00e1l\u00f3n\u00e9v, jelsz\u00f3 \u00e9s fi\u00f3kbe\u00e1ll\u00edt\u00e1sok.<\/span> <b>Tranzakci\u00f3s adatok: <\/b><span style=\"font-weight: 400;\">Ide tartoznak a v\u00e1s\u00e1rl\u00e1saira, a rendel\u00e9si el\u0151zm\u00e9nyekre \u00e9s a weboldalunkkal val\u00f3 egy\u00e9b interakci\u00f3kra vonatkoz\u00f3 inform\u00e1ci\u00f3k.<\/span> <b>Haszn\u00e1lati adatok<\/b><span style=\"font-weight: 400;\">: Adatokat gy\u0171jt\u00fcnk a weboldalunk haszn\u00e1lat\u00e1r\u00f3l, bele\u00e9rtve az IP-c\u00edm\u00e9t, a b\u00f6ng\u00e9sz\u0151 t\u00edpus\u00e1t \u00e9s az eszk\u00f6zzel kapcsolatos inform\u00e1ci\u00f3kat.<\/span> <b>Kommunik\u00e1ci\u00f3s adatok:<\/b><span style=\"font-weight: 400;\"> Ha kapcsolatba l\u00e9p vel\u00fcnk, adatokat gy\u0171jthet\u00fcnk az \u00d6n kommunik\u00e1ci\u00f3j\u00e1r\u00f3l \u00e9s az ezen interakci\u00f3k sor\u00e1n megadott b\u00e1rmely inform\u00e1ci\u00f3r\u00f3l.<\/span> <b>Marketing \u00e9s kommunik\u00e1ci\u00f3s preferenci\u00e1k<\/b><span style=\"font-weight: 400;\">: Az \u00d6n preferenci\u00e1i a t\u0151l\u00fcnk \u00e9rkez\u0151 marketingkommunik\u00e1ci\u00f3kra vonatkoz\u00f3an.<\/span><\/p>\n<p><strong>3.<\/strong> <b>Hogyan haszn\u00e1ljuk fel az \u00d6n adatait<\/b><\/p>\n<p><span style=\"font-weight: 400;\">Az \u00d6n szem\u00e9lyes adatait a k\u00f6vetkez\u0151 c\u00e9lokra haszn\u00e1ljuk fel:<\/span><\/p>\n<ul>\n<li style=\"font-weight: 400;\" aria-level=\"1\"><span style=\"font-weight: 400;\">A weboldalunkhoz \u00e9s szolg\u00e1ltat\u00e1sainkhoz val\u00f3 hozz\u00e1f\u00e9r\u00e9s biztos\u00edt\u00e1sa \u00e9s kezel\u00e9se.<\/span><\/li>\n<li style=\"font-weight: 400;\" aria-level=\"1\"><span style=\"font-weight: 400;\">Az \u00d6n megrendel\u00e9seinek \u00e9s kifizet\u00e9seinek feldolgoz\u00e1sa, valamint a term\u00e9kek \u00e9s szolg\u00e1ltat\u00e1sok sz\u00e1ll\u00edt\u00e1sa.<\/span><\/li>\n<li style=\"font-weight: 400;\" aria-level=\"1\"><span style=\"font-weight: 400;\">Az \u00d6nnel val\u00f3 kommunik\u00e1ci\u00f3, a megkeres\u00e9sek megv\u00e1laszol\u00e1sa \u00e9s az \u00fcgyf\u00e9lszolg\u00e1lat biztos\u00edt\u00e1sa \u00e9rdek\u00e9ben.<\/span><\/li>\n<li style=\"font-weight: 400;\" aria-level=\"1\"><span style=\"font-weight: 400;\">Marketing- \u00e9s prom\u00f3ci\u00f3s anyagok k\u00fcld\u00e9se \u00d6nnek, az \u00d6n hozz\u00e1j\u00e1rul\u00e1s\u00e1t\u00f3l \u00e9s preferenci\u00e1it\u00f3l f\u00fcgg\u0151en.<\/span><\/li>\n<li style=\"font-weight: 400;\" aria-level=\"1\"><span style=\"font-weight: 400;\">Weboldalunk, term\u00e9keink \u00e9s szolg\u00e1ltat\u00e1saink fejleszt\u00e9se, bele\u00e9rtve a haszn\u00e1lati szok\u00e1sok \u00e9s trendek elemz\u00e9s\u00e9t.<\/span><\/li>\n<li style=\"font-weight: 400;\" aria-level=\"1\"><span style=\"font-weight: 400;\">A jogi k\u00f6telezetts\u00e9geknek val\u00f3 megfelel\u00e9s, valamint jogaink \u00e9s \u00e9rdekeink v\u00e9delme.<\/span><\/li>\n<\/ul>\n<p><strong>4<\/strong><b>. Adatmegoszt\u00e1s \u00e9s k\u00f6zz\u00e9t\u00e9tel<\/b><\/p>\n<p><span style=\"font-weight: 400;\">Szem\u00e9lyes adatait a k\u00f6vetkez\u0151 felekkel oszthatjuk meg:<\/span><\/p>\n<p><b>Szolg\u00e1ltat\u00f3k<\/b><span style=\"font-weight: 400;\">: Harmadik f\u00e9l szolg\u00e1ltat\u00f3kat vehet\u00fcnk ig\u00e9nybe, hogy seg\u00edtsenek m\u0171k\u00f6d\u00e9s\u00fcnk k\u00fcl\u00f6nb\u00f6z\u0151 aspektusaiban, mint p\u00e9ld\u00e1ul a fizet\u00e9s feldolgoz\u00e1s\u00e1ban, a sz\u00e1ll\u00edt\u00e1sban \u00e9s a marketingben.<\/span> <b>Jogi megfelel\u00e9s:<\/b><span style=\"font-weight: 400;\"> K\u00f6zz\u00e9tehet\u00fcnk inform\u00e1ci\u00f3kat, ha azt t\u00f6rv\u00e9ny, szab\u00e1lyoz\u00f3 hat\u00f3s\u00e1gok vagy jogi elj\u00e1r\u00e1sra v\u00e1laszul megk\u00f6vetelik.<\/span> <b>\u00dczleti \u00e1truh\u00e1z\u00e1sok:<\/b><span style=\"font-weight: 400;\"> Ha f\u00fazi\u00f3ban, felv\u00e1s\u00e1rl\u00e1sban vagy eszk\u00f6z\u00e9rt\u00e9kes\u00edt\u00e9sben vesz\u00fcnk r\u00e9szt, az \u00d6n adatai a tranzakci\u00f3 r\u00e9szek\u00e9nt tov\u00e1bb\u00edt\u00e1sra ker\u00fclhetnek.<\/span> <b>Az \u00d6n hozz\u00e1j\u00e1rul\u00e1sa: <\/b><span style=\"font-weight: 400;\">Miel\u0151tt az \u00d6n adatait marketingc\u00e9lokra harmadik f\u00e9llel megosztan\u00e1nk, az \u00d6n hozz\u00e1j\u00e1rul\u00e1s\u00e1t k\u00e9rj\u00fck.<\/span><\/p>\n<p><b>5. Az \u00d6n jogai<\/b><\/p>\n<p>Szem\u00e9lyes adataival kapcsolatban bizonyos jogok illetik meg \u00d6nt, t\u00f6bbek k\u00f6z\u00f6tt:<\/p>\n<ul>\n<li>A szem\u00e9lyes adataihoz val\u00f3 hozz\u00e1f\u00e9r\u00e9s, azok helyesb\u00edt\u00e9se vagy t\u00f6rl\u00e9se.<\/li>\n<li>A marketingkommunik\u00e1ci\u00f3hoz val\u00f3 hozz\u00e1j\u00e1rul\u00e1s visszavon\u00e1s\u00e1nak joga.<\/li>\n<li>Az egyes adatfeldolgoz\u00e1si tev\u00e9kenys\u00e9gek elleni tiltakoz\u00e1s joga.<\/li>\n<li>Adott esetben az adathordozhat\u00f3s\u00e1ghoz val\u00f3 jog.<\/li>\n<li>Az adatv\u00e9delmi hat\u00f3s\u00e1gn\u00e1l t\u00f6rt\u00e9n\u0151 panaszt\u00e9tel joga.<\/li>\n<\/ul>\n<p><strong>6. Adatbiztons\u00e1g<\/strong><\/p>\n<p>Minden megfelel\u0151 int\u00e9zked\u00e9st meg k\u00edv\u00e1nunk tenni annak \u00e9rdek\u00e9ben, hogy megv\u00e9dj\u00fck \u00d6nt az esetleges jogs\u00e9rt\u00e9sekt\u0151l \u00e9s vissza\u00e9l\u00e9sekt\u0151l. \u00c9rz\u00e9keny jelleg\u00fck miatt k\u00fcl\u00f6n\u00f6s figyelmet \u00e9s gondoss\u00e1got szentel\u00fcnk a felhaszn\u00e1l\u00f3k szem\u00e9lyes adatainak.<\/p>\n<p><strong>7. Kapcsolatfelv\u00e9tel<\/strong><\/p>\n<p>Ha k\u00e9rd\u00e9se, agg\u00e1lya vagy k\u00e9r\u00e9se van a jelen adatv\u00e9delmi ir\u00e1nyelvekkel vagy szem\u00e9lyes adataival kapcsolatban, k\u00e9rj\u00fck, l\u00e9pjen kapcsolatba vel\u00fcnk a <a href=\"mailto:info@azurefilm.kinsta.cloud\">info@azurefilm.kinsta.cloud<\/a> e-mail c\u00edmen <a href=\"mailto:info@azurefilm.kinsta.cloud\">.<\/a><\/p>\n<p><strong>8. A jelen Adatv\u00e9delmi szab\u00e1lyzat m\u00f3dos\u00edt\u00e1sai<\/strong><\/p>\n<p>Ezt az Adatv\u00e9delmi szab\u00e1lyzatot rendszeresen friss\u00edtj\u00fck, hogy t\u00fckr\u00f6zze a gyakorlatunkban vagy a jogi k\u00f6vetelm\u00e9nyekben bek\u00f6vetkezett v\u00e1ltoz\u00e1sokat. A jelen szab\u00e1lyzat tetej\u00e9n tal\u00e1lhat\u00f3 &#8220;Utols\u00f3 friss\u00edt\u00e9s&#8221; d\u00e1tum jelzi, hogy mikor t\u00f6rt\u00e9nt a szab\u00e1lyzat utols\u00f3 fel\u00fclvizsg\u00e1lata.<\/p>\n","protected":false},"excerpt":{"rendered":"<p>Adatv\u00e9delmi ir\u00e1nyelvek 1. Bevezet\u00e9s Az AzureFilmn\u00e9l elk\u00f6telezettek vagyunk az \u00d6n adatainak v\u00e9delme \u00e9s szem\u00e9lyes adatainak biztons\u00e1ga mellett. Ez az Adatv\u00e9delmi szab\u00e1lyzat elmagyar\u00e1zza, hogyan gy\u0171jtj\u00fck, haszn\u00e1ljuk, adjuk ki \u00e9s v\u00e9dj\u00fck az \u00d6n szem\u00e9lyes adatait, amikor \u00d6n haszn\u00e1lja a weboldalunkat, kapcsolatba l\u00e9p vel\u00fcnk, vagy v\u00e1s\u00e1rol t\u0151l\u00fcnk. 2. Az \u00e1ltalunk gy\u0171jt\u00f6tt inform\u00e1ci\u00f3k A k\u00f6vetkez\u0151 t\u00edpus\u00fa szem\u00e9lyes adatokat gy\u0171jtj\u00fck: [&#8230;]\n","protected":false},"author":1,"featured_media":0,"parent":0,"menu_order":0,"comment_status":"closed","ping_status":"closed","template":"","meta":{"_acf_changed":false,"footnotes":""},"class_list":["post-55104","page","type-page","status-publish","hentry"],"acf":[],"_links":{"self":[{"href":"https:\/\/azurefilm.com\/hu\/wp-json\/wp\/v2\/pages\/55104","targetHints":{"allow":["GET"]}}],"collection":[{"href":"https:\/\/azurefilm.com\/hu\/wp-json\/wp\/v2\/pages"}],"about":[{"href":"https:\/\/azurefilm.com\/hu\/wp-json\/wp\/v2\/types\/page"}],"author":[{"embeddable":true,"href":"https:\/\/azurefilm.com\/hu\/wp-json\/wp\/v2\/users\/1"}],"replies":[{"embeddable":true,"href":"https:\/\/azurefilm.com\/hu\/wp-json\/wp\/v2\/comments?post=55104"}],"version-history":[{"count":0,"href":"https:\/\/azurefilm.com\/hu\/wp-json\/wp\/v2\/pages\/55104\/revisions"}],"wp:attachment":[{"href":"https:\/\/azurefilm.com\/hu\/wp-json\/wp\/v2\/media?parent=55104"}],"curies":[{"name":"wp","href":"https:\/\/api.w.org\/{rel}","templated":true}]}}